{"id":90,"date":"2024-04-01T15:08:00","date_gmt":"2024-04-01T13:08:00","guid":{"rendered":"http:\/\/aspv-veules.fr\/?page_id=90"},"modified":"2025-09-30T15:32:58","modified_gmt":"2025-09-30T13:32:58","slug":"conferences","status":"publish","type":"page","link":"https:\/\/aspv-veules.fr\/?page_id=90","title":{"rendered":"Conf\u00e9rences r\u00e9alis\u00e9es"},"content":{"rendered":"<h1><strong>Nos conf\u00e9rences 2025<\/strong><\/h1>\n<p><!--more--><a href=\"http:\/\/aspv-veules.fr\/?attachment_id=938\" rel=\"attachment wp-att-938\"><img loading=\"lazy\" decoding=\"async\" class=\"alignnone size-medium wp-image-938\" src=\"http:\/\/aspv-veules.fr\/wp-content\/uploads\/2025\/09\/2025-10-10-Jean-Lux-212x300.jpg\" alt=\"\" width=\"212\" height=\"300\" srcset=\"https:\/\/aspv-veules.fr\/wp-content\/uploads\/2025\/09\/2025-10-10-Jean-Lux-212x300.jpg 212w, https:\/\/aspv-veules.fr\/wp-content\/uploads\/2025\/09\/2025-10-10-Jean-Lux-724x1024.jpg 724w, https:\/\/aspv-veules.fr\/wp-content\/uploads\/2025\/09\/2025-10-10-Jean-Lux-768x1086.jpg 768w, https:\/\/aspv-veules.fr\/wp-content\/uploads\/2025\/09\/2025-10-10-Jean-Lux-1086x1536.jpg 1086w, https:\/\/aspv-veules.fr\/wp-content\/uploads\/2025\/09\/2025-10-10-Jean-Lux-1448x2048.jpg 1448w, https:\/\/aspv-veules.fr\/wp-content\/uploads\/2025\/09\/2025-10-10-Jean-Lux-scaled.jpg 1810w\" sizes=\"(max-width: 212px) 100vw, 212px\" \/><\/a><a href=\"http:\/\/aspv-veules.fr\/?attachment_id=895\" rel=\"attachment wp-att-895\"><img loading=\"lazy\" decoding=\"async\" class=\"alignnone size-medium wp-image-895\" src=\"http:\/\/aspv-veules.fr\/wp-content\/uploads\/2025\/08\/2025-09-12-Du-potager-aux-jardins-ouvriers-212x300.jpg\" alt=\"\" width=\"212\" height=\"300\" srcset=\"https:\/\/aspv-veules.fr\/wp-content\/uploads\/2025\/08\/2025-09-12-Du-potager-aux-jardins-ouvriers-212x300.jpg 212w, https:\/\/aspv-veules.fr\/wp-content\/uploads\/2025\/08\/2025-09-12-Du-potager-aux-jardins-ouvriers.jpg 595w\" sizes=\"(max-width: 212px) 100vw, 212px\" \/><\/a><a href=\"http:\/\/aspv-veules.fr\/?attachment_id=842\" rel=\"attachment wp-att-842\">&lt;<\/a><a href=\"http:\/\/aspv-veules.fr\/?attachment_id=885\" rel=\"attachment wp-att-885\"><img loading=\"lazy\" decoding=\"async\" class=\"alignnone size-medium wp-image-885\" src=\"http:\/\/aspv-veules.fr\/wp-content\/uploads\/2025\/05\/2025-07-25-Veules-en-relief-212x300.jpg\" alt=\"\" width=\"212\" height=\"300\" srcset=\"https:\/\/aspv-veules.fr\/wp-content\/uploads\/2025\/05\/2025-07-25-Veules-en-relief-212x300.jpg 212w, https:\/\/aspv-veules.fr\/wp-content\/uploads\/2025\/05\/2025-07-25-Veules-en-relief.jpg 595w\" sizes=\"(max-width: 212px) 100vw, 212px\" \/><\/a><a href=\"http:\/\/aspv-veules.fr\/?attachment_id=882\" rel=\"attachment wp-att-882\"><img loading=\"lazy\" decoding=\"async\" class=\"alignnone size-medium wp-image-882\" src=\"http:\/\/aspv-veules.fr\/wp-content\/uploads\/2025\/04\/2025-06-13-1940-la-bataille-de-Veules-212x300.jpg\" alt=\"\" width=\"212\" height=\"300\" srcset=\"https:\/\/aspv-veules.fr\/wp-content\/uploads\/2025\/04\/2025-06-13-1940-la-bataille-de-Veules-212x300.jpg 212w, https:\/\/aspv-veules.fr\/wp-content\/uploads\/2025\/04\/2025-06-13-1940-la-bataille-de-Veules-724x1024.jpg 724w, https:\/\/aspv-veules.fr\/wp-content\/uploads\/2025\/04\/2025-06-13-1940-la-bataille-de-Veules-768x1086.jpg 768w, https:\/\/aspv-veules.fr\/wp-content\/uploads\/2025\/04\/2025-06-13-1940-la-bataille-de-Veules.jpg 794w\" sizes=\"(max-width: 212px) 100vw, 212px\" \/><\/a><a href=\"http:\/\/aspv-veules.fr\/?attachment_id=882\" rel=\"attachment wp-att-882\">&lt;&lt;&lt;<\/a><a href=\"http:\/\/aspv-veules.fr\/?attachment_id=842\" rel=\"attachment wp-att-842\"><img loading=\"lazy\" decoding=\"async\" class=\"alignnone size-medium wp-image-842\" src=\"http:\/\/aspv-veules.fr\/wp-content\/uploads\/2025\/01\/2025-04-04-La-gastronomie-normande-209x300.jpg\" alt=\"\" width=\"209\" height=\"300\" srcset=\"https:\/\/aspv-veules.fr\/wp-content\/uploads\/2025\/01\/2025-04-04-La-gastronomie-normande-209x300.jpg 209w, https:\/\/aspv-veules.fr\/wp-content\/uploads\/2025\/01\/2025-04-04-La-gastronomie-normande.jpg 455w\" sizes=\"(max-width: 209px) 100vw, 209px\" \/><\/a><!--more--><!--more--><!--more--><!--more--><!--more--><\/p>\n<h1><strong>Les conf\u00e9rences 2024<\/strong><\/h1>\n<p><!--more--><!--more--><a href=\"http:\/\/aspv-veules.fr\/?attachment_id=800\" rel=\"attachment wp-att-800\"><img loading=\"lazy\" decoding=\"async\" class=\"alignnone size-medium wp-image-800\" src=\"http:\/\/aspv-veules.fr\/wp-content\/uploads\/2024\/09\/2024-09-13-St-Fiacre-lesprit-du-jardin-212x300.jpg\" alt=\"\" width=\"212\" height=\"300\" srcset=\"https:\/\/aspv-veules.fr\/wp-content\/uploads\/2024\/09\/2024-09-13-St-Fiacre-lesprit-du-jardin-212x300.jpg 212w, https:\/\/aspv-veules.fr\/wp-content\/uploads\/2024\/09\/2024-09-13-St-Fiacre-lesprit-du-jardin.jpg 457w\" sizes=\"(max-width: 212px) 100vw, 212px\" \/><\/a><a href=\"http:\/\/aspv-veules.fr\/?attachment_id=775\" rel=\"attachment wp-att-775\"><img loading=\"lazy\" decoding=\"async\" class=\"alignnone size-medium wp-image-775\" src=\"http:\/\/aspv-veules.fr\/wp-content\/uploads\/2024\/05\/2024-07-12-Yves-Boiret-Laquarelle-au-fil-de-leau-211x300.jpg\" alt=\"\" width=\"211\" height=\"300\" srcset=\"https:\/\/aspv-veules.fr\/wp-content\/uploads\/2024\/05\/2024-07-12-Yves-Boiret-Laquarelle-au-fil-de-leau-211x300.jpg 211w, https:\/\/aspv-veules.fr\/wp-content\/uploads\/2024\/05\/2024-07-12-Yves-Boiret-Laquarelle-au-fil-de-leau.jpg 454w\" sizes=\"(max-width: 211px) 100vw, 211px\" \/><\/a><a href=\"http:\/\/aspv-veules.fr\/?attachment_id=755\" rel=\"attachment wp-att-755\"><img loading=\"lazy\" decoding=\"async\" class=\"alignnone size-medium wp-image-755\" src=\"http:\/\/aspv-veules.fr\/wp-content\/uploads\/2024\/04\/2024-06-16-A-les-en-Caux-5-peintres-graveurs-encore-m\u00e9connus-212x300.jpeg\" alt=\"\" width=\"212\" height=\"300\" srcset=\"https:\/\/aspv-veules.fr\/wp-content\/uploads\/2024\/04\/2024-06-16-A-les-en-Caux-5-peintres-graveurs-encore-m\u00e9connus-212x300.jpeg 212w, https:\/\/aspv-veules.fr\/wp-content\/uploads\/2024\/04\/2024-06-16-A-les-en-Caux-5-peintres-graveurs-encore-m\u00e9connus.jpeg 452w\" sizes=\"(max-width: 212px) 100vw, 212px\" \/><\/a> <a href=\"http:\/\/aspv-veules.fr\/?attachment_id=748\" rel=\"attachment wp-att-748\"><img loading=\"lazy\" decoding=\"async\" class=\"alignnone size-medium wp-image-748\" src=\"http:\/\/aspv-veules.fr\/wp-content\/uploads\/2024\/03\/2024-05-10-Les-sept-vies-du-vieux-chateau-212x300.jpeg\" alt=\"\" width=\"212\" height=\"300\" srcset=\"https:\/\/aspv-veules.fr\/wp-content\/uploads\/2024\/03\/2024-05-10-Les-sept-vies-du-vieux-chateau-212x300.jpeg 212w, https:\/\/aspv-veules.fr\/wp-content\/uploads\/2024\/03\/2024-05-10-Les-sept-vies-du-vieux-chateau.jpeg 452w\" sizes=\"(max-width: 212px) 100vw, 212px\" \/><\/a><a href=\"http:\/\/aspv-veules.fr\/?attachment_id=741\" rel=\"attachment wp-att-741\"><img loading=\"lazy\" decoding=\"async\" class=\"alignnone size-medium wp-image-741\" src=\"http:\/\/aspv-veules.fr\/wp-content\/uploads\/2024\/03\/2024-04-12-Les-femmes-du-littoral-dans-la-peinture-212x300.jpeg\" alt=\"\" width=\"212\" height=\"300\" srcset=\"https:\/\/aspv-veules.fr\/wp-content\/uploads\/2024\/03\/2024-04-12-Les-femmes-du-littoral-dans-la-peinture-212x300.jpeg 212w, https:\/\/aspv-veules.fr\/wp-content\/uploads\/2024\/03\/2024-04-12-Les-femmes-du-littoral-dans-la-peinture.jpeg 452w\" sizes=\"(max-width: 212px) 100vw, 212px\" \/><\/a><\/p>\n<h1><strong>les conf\u00e9rences de 2023<\/strong><\/h1>\n<p><a href=\"http:\/\/aspv-veules.fr\/?attachment_id=688\" rel=\"attachment wp-att-688\"><img loading=\"lazy\" decoding=\"async\" class=\"alignnone size-medium wp-image-688\" src=\"http:\/\/aspv-veules.fr\/wp-content\/uploads\/2023\/09\/2023-10-13-Aux-origines-du-secr\u00e9tariat-du-P\u00e8re-Noel-vf-212x300.jpg\" alt=\"\" width=\"212\" height=\"300\" srcset=\"https:\/\/aspv-veules.fr\/wp-content\/uploads\/2023\/09\/2023-10-13-Aux-origines-du-secr\u00e9tariat-du-P\u00e8re-Noel-vf-212x300.jpg 212w, https:\/\/aspv-veules.fr\/wp-content\/uploads\/2023\/09\/2023-10-13-Aux-origines-du-secr\u00e9tariat-du-P\u00e8re-Noel-vf.jpg 452w\" sizes=\"(max-width: 212px) 100vw, 212px\" \/><\/a><a href=\"http:\/\/aspv-veules.fr\/?attachment_id=653\" rel=\"attachment wp-att-653\"><img loading=\"lazy\" decoding=\"async\" class=\"alignnone size-medium wp-image-653\" src=\"http:\/\/aspv-veules.fr\/wp-content\/uploads\/2023\/04\/2023-09-08-Le-portail-des-libraires-de-la-cath\u00e9drale-de-Rouen-Rex-212x300.jpg\" alt=\"\" width=\"212\" height=\"300\" srcset=\"https:\/\/aspv-veules.fr\/wp-content\/uploads\/2023\/04\/2023-09-08-Le-portail-des-libraires-de-la-cath\u00e9drale-de-Rouen-Rex-212x300.jpg 212w, https:\/\/aspv-veules.fr\/wp-content\/uploads\/2023\/04\/2023-09-08-Le-portail-des-libraires-de-la-cath\u00e9drale-de-Rouen-Rex-724x1024.jpg 724w, https:\/\/aspv-veules.fr\/wp-content\/uploads\/2023\/04\/2023-09-08-Le-portail-des-libraires-de-la-cath\u00e9drale-de-Rouen-Rex-768x1086.jpg 768w, https:\/\/aspv-veules.fr\/wp-content\/uploads\/2023\/04\/2023-09-08-Le-portail-des-libraires-de-la-cath\u00e9drale-de-Rouen-Rex-1086x1536.jpg 1086w, https:\/\/aspv-veules.fr\/wp-content\/uploads\/2023\/04\/2023-09-08-Le-portail-des-libraires-de-la-cath\u00e9drale-de-Rouen-Rex.jpg 1240w\" sizes=\"(max-width: 212px) 100vw, 212px\" \/><\/a><a href=\"http:\/\/aspv-veules.fr\/?attachment_id=659\" rel=\"attachment wp-att-659\"><img loading=\"lazy\" decoding=\"async\" class=\"alignnone size-medium wp-image-659\" src=\"http:\/\/aspv-veules.fr\/wp-content\/uploads\/2023\/05\/2023-06-09-Marie-Stuart-et-le-pouvoir-f\u00e9minin-212x300.jpg\" alt=\"\" width=\"212\" height=\"300\" srcset=\"https:\/\/aspv-veules.fr\/wp-content\/uploads\/2023\/05\/2023-06-09-Marie-Stuart-et-le-pouvoir-f\u00e9minin-212x300.jpg 212w, https:\/\/aspv-veules.fr\/wp-content\/uploads\/2023\/05\/2023-06-09-Marie-Stuart-et-le-pouvoir-f\u00e9minin-724x1024.jpg 724w, https:\/\/aspv-veules.fr\/wp-content\/uploads\/2023\/05\/2023-06-09-Marie-Stuart-et-le-pouvoir-f\u00e9minin-768x1086.jpg 768w, https:\/\/aspv-veules.fr\/wp-content\/uploads\/2023\/05\/2023-06-09-Marie-Stuart-et-le-pouvoir-f\u00e9minin-1086x1536.jpg 1086w, https:\/\/aspv-veules.fr\/wp-content\/uploads\/2023\/05\/2023-06-09-Marie-Stuart-et-le-pouvoir-f\u00e9minin.jpg 1240w\" sizes=\"(max-width: 212px) 100vw, 212px\" \/><\/a><a href=\"http:\/\/aspv-veules.fr\/?attachment_id=649\" rel=\"attachment wp-att-649\"><img loading=\"lazy\" decoding=\"async\" class=\"alignnone size-medium wp-image-649\" src=\"http:\/\/aspv-veules.fr\/wp-content\/uploads\/2023\/04\/2023-05-12-Les-oiseaux-du-littoral-Normand-212x300.jpg\" alt=\"\" width=\"212\" height=\"300\" srcset=\"https:\/\/aspv-veules.fr\/wp-content\/uploads\/2023\/04\/2023-05-12-Les-oiseaux-du-littoral-Normand-212x300.jpg 212w, https:\/\/aspv-veules.fr\/wp-content\/uploads\/2023\/04\/2023-05-12-Les-oiseaux-du-littoral-Normand-724x1024.jpg 724w, https:\/\/aspv-veules.fr\/wp-content\/uploads\/2023\/04\/2023-05-12-Les-oiseaux-du-littoral-Normand-768x1086.jpg 768w, https:\/\/aspv-veules.fr\/wp-content\/uploads\/2023\/04\/2023-05-12-Les-oiseaux-du-littoral-Normand-1086x1536.jpg 1086w, https:\/\/aspv-veules.fr\/wp-content\/uploads\/2023\/04\/2023-05-12-Les-oiseaux-du-littoral-Normand.jpg 1240w\" sizes=\"(max-width: 212px) 100vw, 212px\" \/><\/a><a href=\"http:\/\/aspv-veules.fr\/?attachment_id=636\" rel=\"attachment wp-att-636\"><img loading=\"lazy\" decoding=\"async\" class=\"alignnone size-medium wp-image-636\" src=\"http:\/\/aspv-veules.fr\/wp-content\/uploads\/2023\/01\/2023-04-14-Le-debut-de-la-photo-en-Normandie-212x300.jpg\" alt=\"\" width=\"212\" height=\"300\" srcset=\"https:\/\/aspv-veules.fr\/wp-content\/uploads\/2023\/01\/2023-04-14-Le-debut-de-la-photo-en-Normandie-212x300.jpg 212w, https:\/\/aspv-veules.fr\/wp-content\/uploads\/2023\/01\/2023-04-14-Le-debut-de-la-photo-en-Normandie-724x1024.jpg 724w, https:\/\/aspv-veules.fr\/wp-content\/uploads\/2023\/01\/2023-04-14-Le-debut-de-la-photo-en-Normandie-768x1086.jpg 768w, https:\/\/aspv-veules.fr\/wp-content\/uploads\/2023\/01\/2023-04-14-Le-debut-de-la-photo-en-Normandie-1086x1536.jpg 1086w, https:\/\/aspv-veules.fr\/wp-content\/uploads\/2023\/01\/2023-04-14-Le-debut-de-la-photo-en-Normandie.jpg 1240w\" sizes=\"(max-width: 212px) 100vw, 212px\" \/><\/a><\/p>\n<h1><strong>Les conf\u00e9rences de 2022<\/strong><\/h1>\n<p><a href=\"http:\/\/aspv-veules.fr\/?attachment_id=613\" rel=\"attachment wp-att-613\"><img loading=\"lazy\" decoding=\"async\" class=\"alignnone size-medium wp-image-613\" src=\"http:\/\/aspv-veules.fr\/wp-content\/uploads\/2022\/08\/2022-10-14-Le-sucre-de-la-palnte-au-sucre-raffin\u00e9-212x300.jpg\" alt=\"\" width=\"212\" height=\"300\" srcset=\"https:\/\/aspv-veules.fr\/wp-content\/uploads\/2022\/08\/2022-10-14-Le-sucre-de-la-palnte-au-sucre-raffin\u00e9-212x300.jpg 212w, https:\/\/aspv-veules.fr\/wp-content\/uploads\/2022\/08\/2022-10-14-Le-sucre-de-la-palnte-au-sucre-raffin\u00e9-724x1024.jpg 724w, https:\/\/aspv-veules.fr\/wp-content\/uploads\/2022\/08\/2022-10-14-Le-sucre-de-la-palnte-au-sucre-raffin\u00e9-768x1086.jpg 768w, https:\/\/aspv-veules.fr\/wp-content\/uploads\/2022\/08\/2022-10-14-Le-sucre-de-la-palnte-au-sucre-raffin\u00e9-1086x1536.jpg 1086w, https:\/\/aspv-veules.fr\/wp-content\/uploads\/2022\/08\/2022-10-14-Le-sucre-de-la-palnte-au-sucre-raffin\u00e9.jpg 1240w\" sizes=\"(max-width: 212px) 100vw, 212px\" \/><\/a><a href=\"http:\/\/aspv-veules.fr\/?attachment_id=605\" rel=\"attachment wp-att-605\"><img loading=\"lazy\" decoding=\"async\" class=\"alignnone size-medium wp-image-605\" src=\"http:\/\/aspv-veules.fr\/wp-content\/uploads\/2022\/07\/2022-09-09-Les-V1-en-Normandie-219x300.jpg\" alt=\"\" width=\"219\" height=\"300\" srcset=\"https:\/\/aspv-veules.fr\/wp-content\/uploads\/2022\/07\/2022-09-09-Les-V1-en-Normandie-219x300.jpg 219w, https:\/\/aspv-veules.fr\/wp-content\/uploads\/2022\/07\/2022-09-09-Les-V1-en-Normandie.jpg 474w\" sizes=\"(max-width: 219px) 100vw, 219px\" \/><\/a><a href=\"http:\/\/aspv-veules.fr\/?attachment_id=594\" rel=\"attachment wp-att-594\"><img loading=\"lazy\" decoding=\"async\" class=\"alignnone size-medium wp-image-594\" src=\"http:\/\/aspv-veules.fr\/wp-content\/uploads\/2022\/05\/2022-06-10-Emile-F-NICOLLE-Peintre-212x300.jpg\" alt=\"\" width=\"212\" height=\"300\" srcset=\"https:\/\/aspv-veules.fr\/wp-content\/uploads\/2022\/05\/2022-06-10-Emile-F-NICOLLE-Peintre-212x300.jpg 212w, https:\/\/aspv-veules.fr\/wp-content\/uploads\/2022\/05\/2022-06-10-Emile-F-NICOLLE-Peintre-724x1024.jpg 724w, https:\/\/aspv-veules.fr\/wp-content\/uploads\/2022\/05\/2022-06-10-Emile-F-NICOLLE-Peintre-768x1086.jpg 768w, https:\/\/aspv-veules.fr\/wp-content\/uploads\/2022\/05\/2022-06-10-Emile-F-NICOLLE-Peintre-1086x1536.jpg 1086w, https:\/\/aspv-veules.fr\/wp-content\/uploads\/2022\/05\/2022-06-10-Emile-F-NICOLLE-Peintre.jpg 1240w\" sizes=\"(max-width: 212px) 100vw, 212px\" \/><\/a><a href=\"http:\/\/aspv-veules.fr\/?attachment_id=582\" rel=\"attachment wp-att-582\"><img loading=\"lazy\" decoding=\"async\" class=\"alignnone size-medium wp-image-582\" src=\"http:\/\/aspv-veules.fr\/wp-content\/uploads\/2022\/04\/2022-05-13-Flaubert-et-lamiti\u00e9-212x300.jpg\" alt=\"\" width=\"212\" height=\"300\" srcset=\"https:\/\/aspv-veules.fr\/wp-content\/uploads\/2022\/04\/2022-05-13-Flaubert-et-lamiti\u00e9-212x300.jpg 212w, https:\/\/aspv-veules.fr\/wp-content\/uploads\/2022\/04\/2022-05-13-Flaubert-et-lamiti\u00e9-724x1024.jpg 724w, https:\/\/aspv-veules.fr\/wp-content\/uploads\/2022\/04\/2022-05-13-Flaubert-et-lamiti\u00e9-768x1086.jpg 768w, https:\/\/aspv-veules.fr\/wp-content\/uploads\/2022\/04\/2022-05-13-Flaubert-et-lamiti\u00e9-1086x1536.jpg 1086w, https:\/\/aspv-veules.fr\/wp-content\/uploads\/2022\/04\/2022-05-13-Flaubert-et-lamiti\u00e9.jpg 1240w\" sizes=\"(max-width: 212px) 100vw, 212px\" \/><\/a><a href=\"http:\/\/aspv-veules.fr\/?attachment_id=575\" rel=\"attachment wp-att-575\"><img loading=\"lazy\" decoding=\"async\" class=\"alignnone size-medium wp-image-575\" src=\"http:\/\/aspv-veules.fr\/wp-content\/uploads\/2021\/10\/2022-04-08-Croix-Rouge-212x300.jpg\" alt=\"\" width=\"212\" height=\"300\" srcset=\"https:\/\/aspv-veules.fr\/wp-content\/uploads\/2021\/10\/2022-04-08-Croix-Rouge-212x300.jpg 212w, https:\/\/aspv-veules.fr\/wp-content\/uploads\/2021\/10\/2022-04-08-Croix-Rouge-724x1024.jpg 724w, https:\/\/aspv-veules.fr\/wp-content\/uploads\/2021\/10\/2022-04-08-Croix-Rouge-768x1086.jpg 768w, https:\/\/aspv-veules.fr\/wp-content\/uploads\/2021\/10\/2022-04-08-Croix-Rouge-1086x1536.jpg 1086w, https:\/\/aspv-veules.fr\/wp-content\/uploads\/2021\/10\/2022-04-08-Croix-Rouge.jpg 1240w\" sizes=\"(max-width: 212px) 100vw, 212px\" \/><\/a><\/p>\n<h1><strong>Les conf\u00e9rences de 2021<\/strong><\/h1>\n<p><a href=\"http:\/\/aspv-veules.fr\/?attachment_id=540\" rel=\"attachment wp-att-540\"><img loading=\"lazy\" decoding=\"async\" class=\"alignnone size-medium wp-image-540\" src=\"http:\/\/aspv-veules.fr\/wp-content\/uploads\/2021\/07\/2021-10-08-Clos-masures-212x300.png\" alt=\"\" width=\"212\" height=\"300\" srcset=\"https:\/\/aspv-veules.fr\/wp-content\/uploads\/2021\/07\/2021-10-08-Clos-masures-212x300.png 212w, https:\/\/aspv-veules.fr\/wp-content\/uploads\/2021\/07\/2021-10-08-Clos-masures-724x1024.png 724w, https:\/\/aspv-veules.fr\/wp-content\/uploads\/2021\/07\/2021-10-08-Clos-masures-768x1086.png 768w, https:\/\/aspv-veules.fr\/wp-content\/uploads\/2021\/07\/2021-10-08-Clos-masures-1086x1536.png 1086w, https:\/\/aspv-veules.fr\/wp-content\/uploads\/2021\/07\/2021-10-08-Clos-masures.png 1240w\" sizes=\"(max-width: 212px) 100vw, 212px\" \/><\/a><a href=\"http:\/\/aspv-veules.fr\/?attachment_id=536\" rel=\"attachment wp-att-536\"><img loading=\"lazy\" decoding=\"async\" class=\"alignnone size-medium wp-image-536\" src=\"http:\/\/aspv-veules.fr\/wp-content\/uploads\/2021\/07\/2021-09-10-Abeilles-213x300.jpg\" alt=\"\" width=\"213\" height=\"300\" srcset=\"https:\/\/aspv-veules.fr\/wp-content\/uploads\/2021\/07\/2021-09-10-Abeilles-213x300.jpg 213w, https:\/\/aspv-veules.fr\/wp-content\/uploads\/2021\/07\/2021-09-10-Abeilles.jpg 462w\" sizes=\"(max-width: 213px) 100vw, 213px\" \/><\/a><a href=\"http:\/\/aspv-veules.fr\/?attachment_id=550\" rel=\"attachment wp-att-550\"><img loading=\"lazy\" decoding=\"async\" class=\"alignnone size-medium wp-image-550\" src=\"http:\/\/aspv-veules.fr\/wp-content\/uploads\/2021\/09\/2021-07-17-LOrgue-de-Veules-roba-212x300.jpg\" alt=\"\" width=\"212\" height=\"300\" srcset=\"https:\/\/aspv-veules.fr\/wp-content\/uploads\/2021\/09\/2021-07-17-LOrgue-de-Veules-roba-212x300.jpg 212w, https:\/\/aspv-veules.fr\/wp-content\/uploads\/2021\/09\/2021-07-17-LOrgue-de-Veules-roba.jpg 460w\" sizes=\"(max-width: 212px) 100vw, 212px\" \/><\/a><\/p>\n<h1><strong>La conf\u00e9rence de 2020<\/strong><\/h1>\n<p><a href=\"http:\/\/aspv-veules.fr\/?attachment_id=483\" rel=\"attachment wp-att-483\"><img loading=\"lazy\" decoding=\"async\" class=\"alignnone size-medium wp-image-483\" src=\"http:\/\/aspv-veules.fr\/wp-content\/uploads\/2020\/09\/2020-10-09-Chappelle-du-Val-211x300.jpg\" alt=\"\" width=\"211\" height=\"300\" srcset=\"https:\/\/aspv-veules.fr\/wp-content\/uploads\/2020\/09\/2020-10-09-Chappelle-du-Val-211x300.jpg 211w, https:\/\/aspv-veules.fr\/wp-content\/uploads\/2020\/09\/2020-10-09-Chappelle-du-Val.jpg 460w\" sizes=\"(max-width: 211px) 100vw, 211px\" \/><\/a><\/p>\n<h1><strong>Les conf\u00e9rences de 2019<\/strong><\/h1>\n<p><a href=\"http:\/\/aspv-veules.fr\/?attachment_id=414\" rel=\"attachment wp-att-414\"><img loading=\"lazy\" decoding=\"async\" class=\"alignnone size-medium wp-image-414\" src=\"http:\/\/aspv-veules.fr\/wp-content\/uploads\/2019\/10\/2019-10-11-Publicit\u00e9-et-Patrimoine-213x300.jpg\" alt=\"\" width=\"213\" height=\"300\" srcset=\"https:\/\/aspv-veules.fr\/wp-content\/uploads\/2019\/10\/2019-10-11-Publicit\u00e9-et-Patrimoine-213x300.jpg 213w, https:\/\/aspv-veules.fr\/wp-content\/uploads\/2019\/10\/2019-10-11-Publicit\u00e9-et-Patrimoine.jpg 461w\" sizes=\"(max-width: 213px) 100vw, 213px\" \/><\/a><a href=\"http:\/\/aspv-veules.fr\/?attachment_id=410\" rel=\"attachment wp-att-410\"><img loading=\"lazy\" decoding=\"async\" class=\"alignnone size-medium wp-image-410\" src=\"http:\/\/aspv-veules.fr\/wp-content\/uploads\/2019\/05\/2019-09-13-Les-peintres-des-falaises-212x300.jpg\" alt=\"\" width=\"212\" height=\"300\" srcset=\"https:\/\/aspv-veules.fr\/wp-content\/uploads\/2019\/05\/2019-09-13-Les-peintres-des-falaises-212x300.jpg 212w, https:\/\/aspv-veules.fr\/wp-content\/uploads\/2019\/05\/2019-09-13-Les-peintres-des-falaises.jpg 460w\" sizes=\"(max-width: 212px) 100vw, 212px\" \/><\/a><a href=\"http:\/\/aspv-veules.fr\/?attachment_id=404\" rel=\"attachment wp-att-404\"><img loading=\"lazy\" decoding=\"async\" class=\"alignnone size-medium wp-image-404\" src=\"http:\/\/aspv-veules.fr\/wp-content\/uploads\/2019\/05\/2019-06-14-Veules-des-artistes-lancent-une-station-baln\u00e9aire-212x300.jpg\" alt=\"\" width=\"212\" height=\"300\" srcset=\"https:\/\/aspv-veules.fr\/wp-content\/uploads\/2019\/05\/2019-06-14-Veules-des-artistes-lancent-une-station-baln\u00e9aire-212x300.jpg 212w, https:\/\/aspv-veules.fr\/wp-content\/uploads\/2019\/05\/2019-06-14-Veules-des-artistes-lancent-une-station-baln\u00e9aire.jpg 460w\" sizes=\"(max-width: 212px) 100vw, 212px\" \/><\/a><a href=\"http:\/\/aspv-veules.fr\/?attachment_id=403\" rel=\"attachment wp-att-403\"><img loading=\"lazy\" decoding=\"async\" class=\"alignnone size-medium wp-image-403\" src=\"http:\/\/aspv-veules.fr\/wp-content\/uploads\/2019\/05\/2019-05-10-French-Line-211x300.jpg\" alt=\"\" width=\"211\" height=\"300\" srcset=\"https:\/\/aspv-veules.fr\/wp-content\/uploads\/2019\/05\/2019-05-10-French-Line-211x300.jpg 211w, https:\/\/aspv-veules.fr\/wp-content\/uploads\/2019\/05\/2019-05-10-French-Line.jpg 460w\" sizes=\"(max-width: 211px) 100vw, 211px\" \/><\/a><a href=\"http:\/\/aspv-veules.fr\/?attachment_id=385\" rel=\"attachment wp-att-385\"><img loading=\"lazy\" decoding=\"async\" class=\"alignnone size-medium wp-image-385\" src=\"http:\/\/aspv-veules.fr\/wp-content\/uploads\/2018\/12\/2019-04-12-SNSM-213x300.jpg\" alt=\"\" width=\"213\" height=\"300\" srcset=\"https:\/\/aspv-veules.fr\/wp-content\/uploads\/2018\/12\/2019-04-12-SNSM-213x300.jpg 213w, https:\/\/aspv-veules.fr\/wp-content\/uploads\/2018\/12\/2019-04-12-SNSM.jpg 429w\" sizes=\"(max-width: 213px) 100vw, 213px\" \/><\/a><a href=\"http:\/\/aspv-veules.fr\/?attachment_id=384\" rel=\"attachment wp-att-384\"><img loading=\"lazy\" decoding=\"async\" class=\"alignnone size-medium wp-image-384\" src=\"http:\/\/aspv-veules.fr\/wp-content\/uploads\/2018\/12\/2019-03-08-La-Roche-Guyon-212x300.jpg\" alt=\"\" width=\"212\" height=\"300\" srcset=\"https:\/\/aspv-veules.fr\/wp-content\/uploads\/2018\/12\/2019-03-08-La-Roche-Guyon-212x300.jpg 212w, https:\/\/aspv-veules.fr\/wp-content\/uploads\/2018\/12\/2019-03-08-La-Roche-Guyon.jpg 429w\" sizes=\"(max-width: 212px) 100vw, 212px\" \/> <\/a><\/p>\n<h1><strong>Les conf\u00e9rences de 2018<\/strong><\/h1>\n<p><a href=\"http:\/\/aspv-veules.fr\/?attachment_id=350\" rel=\"attachment wp-att-350\"><img loading=\"lazy\" decoding=\"async\" class=\"alignnone size-medium wp-image-350\" src=\"http:\/\/aspv-veules.fr\/wp-content\/uploads\/2018\/09\/2018-10-26-Seine-des-envies-217x300.jpg\" alt=\"\" width=\"217\" height=\"300\" srcset=\"https:\/\/aspv-veules.fr\/wp-content\/uploads\/2018\/09\/2018-10-26-Seine-des-envies-217x300.jpg 217w, https:\/\/aspv-veules.fr\/wp-content\/uploads\/2018\/09\/2018-10-26-Seine-des-envies.jpg 469w\" sizes=\"(max-width: 217px) 100vw, 217px\" \/><\/a><a href=\"http:\/\/aspv-veules.fr\/?attachment_id=340\" rel=\"attachment wp-att-340\"><img loading=\"lazy\" decoding=\"async\" class=\"alignnone size-medium wp-image-340\" src=\"http:\/\/aspv-veules.fr\/wp-content\/uploads\/2018\/09\/2018-09-28-Histoire-du-Baln\u00e9aire-212x300.jpg\" alt=\"\" width=\"212\" height=\"300\" srcset=\"https:\/\/aspv-veules.fr\/wp-content\/uploads\/2018\/09\/2018-09-28-Histoire-du-Baln\u00e9aire-212x300.jpg 212w, https:\/\/aspv-veules.fr\/wp-content\/uploads\/2018\/09\/2018-09-28-Histoire-du-Baln\u00e9aire.jpg 459w\" sizes=\"(max-width: 212px) 100vw, 212px\" \/><\/a><a href=\"http:\/\/aspv-veules.fr\/?attachment_id=329\" rel=\"attachment wp-att-329\"><img loading=\"lazy\" decoding=\"async\" class=\"alignnone size-medium wp-image-329\" src=\"http:\/\/aspv-veules.fr\/wp-content\/uploads\/2017\/04\/2018-06-22-L-age-d-or-des-abbayes-normandes_53-212x300.jpg\" alt=\"\" width=\"212\" height=\"300\" srcset=\"https:\/\/aspv-veules.fr\/wp-content\/uploads\/2017\/04\/2018-06-22-L-age-d-or-des-abbayes-normandes_53-212x300.jpg 212w, https:\/\/aspv-veules.fr\/wp-content\/uploads\/2017\/04\/2018-06-22-L-age-d-or-des-abbayes-normandes_53-768x1086.jpg 768w, https:\/\/aspv-veules.fr\/wp-content\/uploads\/2017\/04\/2018-06-22-L-age-d-or-des-abbayes-normandes_53-724x1024.jpg 724w\" sizes=\"(max-width: 212px) 100vw, 212px\" \/><\/a><a href=\"http:\/\/aspv-veules.fr\/?attachment_id=324\" rel=\"attachment wp-att-324\"><img loading=\"lazy\" decoding=\"async\" class=\"alignnone size-medium wp-image-324\" src=\"http:\/\/aspv-veules.fr\/wp-content\/uploads\/2017\/04\/2018-05-28-Geoffroy-de-Montalembert-211x300.jpg\" alt=\"\" width=\"211\" height=\"300\" srcset=\"https:\/\/aspv-veules.fr\/wp-content\/uploads\/2017\/04\/2018-05-28-Geoffroy-de-Montalembert-211x300.jpg 211w, https:\/\/aspv-veules.fr\/wp-content\/uploads\/2017\/04\/2018-05-28-Geoffroy-de-Montalembert.jpg 305w\" sizes=\"(max-width: 211px) 100vw, 211px\" \/><\/a><a href=\"http:\/\/aspv-veules.fr\/?attachment_id=307\" rel=\"attachment wp-att-307\"><img loading=\"lazy\" decoding=\"async\" class=\"alignnone size-medium wp-image-307\" src=\"http:\/\/aspv-veules.fr\/wp-content\/uploads\/2017\/12\/2018-04-27-Le-decor-peint-et-scult\u00e9-de-leglise-212x300.jpg\" alt=\"\" width=\"212\" height=\"300\" srcset=\"https:\/\/aspv-veules.fr\/wp-content\/uploads\/2017\/12\/2018-04-27-Le-decor-peint-et-scult\u00e9-de-leglise-212x300.jpg 212w, https:\/\/aspv-veules.fr\/wp-content\/uploads\/2017\/12\/2018-04-27-Le-decor-peint-et-scult\u00e9-de-leglise-768x1086.jpg 768w, https:\/\/aspv-veules.fr\/wp-content\/uploads\/2017\/12\/2018-04-27-Le-decor-peint-et-scult\u00e9-de-leglise-724x1024.jpg 724w\" sizes=\"(max-width: 212px) 100vw, 212px\" \/><\/a><a href=\"http:\/\/aspv-veules.fr\/?attachment_id=309\" rel=\"attachment wp-att-309\"><img loading=\"lazy\" decoding=\"async\" class=\"alignnone size-medium wp-image-309\" src=\"http:\/\/aspv-veules.fr\/wp-content\/uploads\/2017\/03\/2018-03-23-L-Epop\u00e9e-navale-normande-212x300.jpg\" alt=\"\" width=\"212\" height=\"300\" srcset=\"https:\/\/aspv-veules.fr\/wp-content\/uploads\/2017\/03\/2018-03-23-L-Epop\u00e9e-navale-normande-212x300.jpg 212w, https:\/\/aspv-veules.fr\/wp-content\/uploads\/2017\/03\/2018-03-23-L-Epop\u00e9e-navale-normande-768x1086.jpg 768w, https:\/\/aspv-veules.fr\/wp-content\/uploads\/2017\/03\/2018-03-23-L-Epop\u00e9e-navale-normande-724x1024.jpg 724w\" sizes=\"(max-width: 212px) 100vw, 212px\" \/><\/a><\/p>\n<h1><strong>Les conf\u00e9rences de 2017<\/strong><\/h1>\n<p><a href=\"http:\/\/aspv-veules.fr\/?attachment_id=274\" rel=\"attachment wp-att-274\"><img loading=\"lazy\" decoding=\"async\" class=\"alignnone size-medium wp-image-274\" src=\"http:\/\/aspv-veules.fr\/wp-content\/uploads\/2017\/03\/2017-10-27-Les-peintres-anglais-dans-la-r\u00e9gion-de-Dieppe-212x300.jpg\" alt=\"\" width=\"212\" height=\"300\" srcset=\"https:\/\/aspv-veules.fr\/wp-content\/uploads\/2017\/03\/2017-10-27-Les-peintres-anglais-dans-la-r\u00e9gion-de-Dieppe-212x300.jpg 212w, https:\/\/aspv-veules.fr\/wp-content\/uploads\/2017\/03\/2017-10-27-Les-peintres-anglais-dans-la-r\u00e9gion-de-Dieppe-768x1086.jpg 768w, https:\/\/aspv-veules.fr\/wp-content\/uploads\/2017\/03\/2017-10-27-Les-peintres-anglais-dans-la-r\u00e9gion-de-Dieppe-724x1024.jpg 724w\" sizes=\"(max-width: 212px) 100vw, 212px\" \/><\/a><a href=\"http:\/\/aspv-veules.fr\/?attachment_id=259\" rel=\"attachment wp-att-259\"><img loading=\"lazy\" decoding=\"async\" class=\"alignnone size-medium wp-image-259\" src=\"http:\/\/aspv-veules.fr\/wp-content\/uploads\/2017\/08\/2017-09-22-LAOP-Neufchatel-212x300.jpg\" alt=\"\" width=\"212\" height=\"300\" srcset=\"https:\/\/aspv-veules.fr\/wp-content\/uploads\/2017\/08\/2017-09-22-LAOP-Neufchatel-212x300.jpg 212w, https:\/\/aspv-veules.fr\/wp-content\/uploads\/2017\/08\/2017-09-22-LAOP-Neufchatel-768x1086.jpg 768w, https:\/\/aspv-veules.fr\/wp-content\/uploads\/2017\/08\/2017-09-22-LAOP-Neufchatel-724x1024.jpg 724w\" sizes=\"(max-width: 212px) 100vw, 212px\" \/><\/a><a href=\"http:\/\/aspv-veules.fr\/?attachment_id=226\" rel=\"attachment wp-att-226\"><img loading=\"lazy\" decoding=\"async\" class=\"alignnone size-medium wp-image-226\" src=\"http:\/\/aspv-veules.fr\/wp-content\/uploads\/2017\/03\/2017-06-22-Les-travaux-de-r\u00e9novation-de-l\u00e9glise-218x300.jpg\" alt=\"\" width=\"218\" height=\"300\" srcset=\"https:\/\/aspv-veules.fr\/wp-content\/uploads\/2017\/03\/2017-06-22-Les-travaux-de-r\u00e9novation-de-l\u00e9glise-218x300.jpg 218w, https:\/\/aspv-veules.fr\/wp-content\/uploads\/2017\/03\/2017-06-22-Les-travaux-de-r\u00e9novation-de-l\u00e9glise-768x1058.jpg 768w, https:\/\/aspv-veules.fr\/wp-content\/uploads\/2017\/03\/2017-06-22-Les-travaux-de-r\u00e9novation-de-l\u00e9glise-743x1024.jpg 743w, https:\/\/aspv-veules.fr\/wp-content\/uploads\/2017\/03\/2017-06-22-Les-travaux-de-r\u00e9novation-de-l\u00e9glise.jpg 1695w\" sizes=\"(max-width: 218px) 100vw, 218px\" \/><\/a>\u00a0\u00a0<a href=\"http:\/\/aspv-veules.fr\/?attachment_id=215\" rel=\"attachment wp-att-215\"><img loading=\"lazy\" decoding=\"async\" class=\"alignnone size-medium wp-image-215\" src=\"http:\/\/aspv-veules.fr\/wp-content\/uploads\/2017\/03\/2017-05-26-Ars\u00e8ne-Lupin-est-il-cauchois-212x300.jpg\" alt=\"\" width=\"212\" height=\"300\" srcset=\"https:\/\/aspv-veules.fr\/wp-content\/uploads\/2017\/03\/2017-05-26-Ars\u00e8ne-Lupin-est-il-cauchois-212x300.jpg 212w, https:\/\/aspv-veules.fr\/wp-content\/uploads\/2017\/03\/2017-05-26-Ars\u00e8ne-Lupin-est-il-cauchois-768x1086.jpg 768w, https:\/\/aspv-veules.fr\/wp-content\/uploads\/2017\/03\/2017-05-26-Ars\u00e8ne-Lupin-est-il-cauchois-724x1024.jpg 724w\" sizes=\"(max-width: 212px) 100vw, 212px\" \/><\/a>\u00a0\u00a0<a href=\"http:\/\/aspv-veules.fr\/?attachment_id=207\" rel=\"attachment wp-att-207\"><img loading=\"lazy\" decoding=\"async\" class=\"alignnone size-medium wp-image-207\" src=\"http:\/\/aspv-veules.fr\/wp-content\/uploads\/2017\/03\/2017-04-28-Les-peintres-am\u00e9ricains-en-Normandie-212x300.jpg\" alt=\"\" width=\"212\" height=\"300\" srcset=\"https:\/\/aspv-veules.fr\/wp-content\/uploads\/2017\/03\/2017-04-28-Les-peintres-am\u00e9ricains-en-Normandie-212x300.jpg 212w, https:\/\/aspv-veules.fr\/wp-content\/uploads\/2017\/03\/2017-04-28-Les-peintres-am\u00e9ricains-en-Normandie-768x1086.jpg 768w, https:\/\/aspv-veules.fr\/wp-content\/uploads\/2017\/03\/2017-04-28-Les-peintres-am\u00e9ricains-en-Normandie-724x1024.jpg 724w\" sizes=\"(max-width: 212px) 100vw, 212px\" \/><\/a>\u00a0\u00a0<a href=\"http:\/\/aspv-veules.fr\/?attachment_id=171\" rel=\"attachment wp-att-171\"><img loading=\"lazy\" decoding=\"async\" class=\"alignnone size-medium wp-image-171\" src=\"http:\/\/aspv-veules.fr\/wp-content\/uploads\/2017\/03\/2017-03-24-Le-Vimeu-et-son-histoire-indistrielle-1-212x300.jpg\" alt=\"\" width=\"212\" height=\"300\" srcset=\"https:\/\/aspv-veules.fr\/wp-content\/uploads\/2017\/03\/2017-03-24-Le-Vimeu-et-son-histoire-indistrielle-1-212x300.jpg 212w, https:\/\/aspv-veules.fr\/wp-content\/uploads\/2017\/03\/2017-03-24-Le-Vimeu-et-son-histoire-indistrielle-1-768x1086.jpg 768w, https:\/\/aspv-veules.fr\/wp-content\/uploads\/2017\/03\/2017-03-24-Le-Vimeu-et-son-histoire-indistrielle-1-724x1024.jpg 724w\" sizes=\"(max-width: 212px) 100vw, 212px\" \/><\/a><\/p>\n<h1><strong>Les conf\u00e9rences de\u00a02016<\/strong><\/h1>\n<p><a href=\"http:\/\/aspv-veules.fr\/?attachment_id=170\" rel=\"attachment wp-att-170\"><img loading=\"lazy\" decoding=\"async\" class=\"alignnone size-medium wp-image-170\" src=\"http:\/\/aspv-veules.fr\/wp-content\/uploads\/2017\/03\/2016-10-28-La-Tapisserie-de-Bayeux-213x300.jpg\" alt=\"\" width=\"213\" height=\"300\" srcset=\"https:\/\/aspv-veules.fr\/wp-content\/uploads\/2017\/03\/2016-10-28-La-Tapisserie-de-Bayeux-213x300.jpg 213w, https:\/\/aspv-veules.fr\/wp-content\/uploads\/2017\/03\/2016-10-28-La-Tapisserie-de-Bayeux-768x1084.jpg 768w, https:\/\/aspv-veules.fr\/wp-content\/uploads\/2017\/03\/2016-10-28-La-Tapisserie-de-Bayeux-725x1024.jpg 725w\" sizes=\"(max-width: 213px) 100vw, 213px\" \/><\/a><a href=\"http:\/\/aspv-veules.fr\/?attachment_id=168\" rel=\"attachment wp-att-168\"><img loading=\"lazy\" decoding=\"async\" class=\"alignnone size-medium wp-image-168\" src=\"http:\/\/aspv-veules.fr\/wp-content\/uploads\/2017\/03\/2016-08-23-Evolution-de-lAgriculture-217x300.jpg\" alt=\"\" width=\"217\" height=\"300\" srcset=\"https:\/\/aspv-veules.fr\/wp-content\/uploads\/2017\/03\/2016-08-23-Evolution-de-lAgriculture-217x300.jpg 217w, https:\/\/aspv-veules.fr\/wp-content\/uploads\/2017\/03\/2016-08-23-Evolution-de-lAgriculture-768x1060.jpg 768w, https:\/\/aspv-veules.fr\/wp-content\/uploads\/2017\/03\/2016-08-23-Evolution-de-lAgriculture-742x1024.jpg 742w\" sizes=\"(max-width: 217px) 100vw, 217px\" \/><\/a><a href=\"http:\/\/aspv-veules.fr\/?attachment_id=166\" rel=\"attachment wp-att-166\"><img loading=\"lazy\" decoding=\"async\" class=\"alignnone size-medium wp-image-166\" src=\"http:\/\/aspv-veules.fr\/wp-content\/uploads\/2017\/03\/2016-06-24-Marcel-Duchamp-\u00e0-Veules-218x300.jpg\" alt=\"\" width=\"218\" height=\"300\" srcset=\"https:\/\/aspv-veules.fr\/wp-content\/uploads\/2017\/03\/2016-06-24-Marcel-Duchamp-\u00e0-Veules-218x300.jpg 218w, https:\/\/aspv-veules.fr\/wp-content\/uploads\/2017\/03\/2016-06-24-Marcel-Duchamp-\u00e0-Veules-768x1056.jpg 768w, https:\/\/aspv-veules.fr\/wp-content\/uploads\/2017\/03\/2016-06-24-Marcel-Duchamp-\u00e0-Veules-745x1024.jpg 745w, https:\/\/aspv-veules.fr\/wp-content\/uploads\/2017\/03\/2016-06-24-Marcel-Duchamp-\u00e0-Veules.jpg 1271w\" sizes=\"(max-width: 218px) 100vw, 218px\" \/><\/a> <a href=\"http:\/\/aspv-veules.fr\/?attachment_id=165\" rel=\"attachment wp-att-165\"><img loading=\"lazy\" decoding=\"async\" class=\"alignnone size-medium wp-image-165\" src=\"http:\/\/aspv-veules.fr\/wp-content\/uploads\/2017\/03\/2016-05-27-Jacques-Emile-Blanche-218x300.jpg\" alt=\"\" width=\"218\" height=\"300\" srcset=\"https:\/\/aspv-veules.fr\/wp-content\/uploads\/2017\/03\/2016-05-27-Jacques-Emile-Blanche-218x300.jpg 218w, https:\/\/aspv-veules.fr\/wp-content\/uploads\/2017\/03\/2016-05-27-Jacques-Emile-Blanche-768x1056.jpg 768w, https:\/\/aspv-veules.fr\/wp-content\/uploads\/2017\/03\/2016-05-27-Jacques-Emile-Blanche-745x1024.jpg 745w, https:\/\/aspv-veules.fr\/wp-content\/uploads\/2017\/03\/2016-05-27-Jacques-Emile-Blanche.jpg 1271w\" sizes=\"(max-width: 218px) 100vw, 218px\" \/><\/a><a href=\"http:\/\/aspv-veules.fr\/?attachment_id=164\" rel=\"attachment wp-att-164\"><img loading=\"lazy\" decoding=\"async\" class=\"alignnone size-medium wp-image-164\" src=\"http:\/\/aspv-veules.fr\/wp-content\/uploads\/2017\/03\/2016-04-22-50-ans-d\u00e9cole-en-pays-de-Caux-214x300.jpg\" alt=\"\" width=\"214\" height=\"300\" srcset=\"https:\/\/aspv-veules.fr\/wp-content\/uploads\/2017\/03\/2016-04-22-50-ans-d\u00e9cole-en-pays-de-Caux-214x300.jpg 214w, https:\/\/aspv-veules.fr\/wp-content\/uploads\/2017\/03\/2016-04-22-50-ans-d\u00e9cole-en-pays-de-Caux-768x1075.jpg 768w, https:\/\/aspv-veules.fr\/wp-content\/uploads\/2017\/03\/2016-04-22-50-ans-d\u00e9cole-en-pays-de-Caux-732x1024.jpg 732w\" sizes=\"(max-width: 214px) 100vw, 214px\" \/><\/a><\/p>\n<h1><strong>Les conf\u00e9rences de\u00a02015<\/strong><\/h1>\n<p><a href=\"http:\/\/aspv-veules.fr\/?attachment_id=163\" rel=\"attachment wp-att-163\"><img loading=\"lazy\" decoding=\"async\" class=\"alignnone size-medium wp-image-163\" src=\"http:\/\/aspv-veules.fr\/wp-content\/uploads\/2017\/03\/2015-10-23-Le-monument-juif-Rouen-218x300.jpg\" alt=\"\" width=\"218\" height=\"300\" srcset=\"https:\/\/aspv-veules.fr\/wp-content\/uploads\/2017\/03\/2015-10-23-Le-monument-juif-Rouen-218x300.jpg 218w, https:\/\/aspv-veules.fr\/wp-content\/uploads\/2017\/03\/2015-10-23-Le-monument-juif-Rouen-768x1058.jpg 768w, https:\/\/aspv-veules.fr\/wp-content\/uploads\/2017\/03\/2015-10-23-Le-monument-juif-Rouen-743x1024.jpg 743w, https:\/\/aspv-veules.fr\/wp-content\/uploads\/2017\/03\/2015-10-23-Le-monument-juif-Rouen.jpg 1272w\" sizes=\"(max-width: 218px) 100vw, 218px\" \/><\/a>\u00a0\u00a0<a href=\"http:\/\/aspv-veules.fr\/?attachment_id=162\" rel=\"attachment wp-att-162\"><img loading=\"lazy\" decoding=\"async\" class=\"alignnone size-medium wp-image-162\" src=\"http:\/\/aspv-veules.fr\/wp-content\/uploads\/2017\/03\/2015-09-25-La-mythologie-cauchoise-218x300.jpg\" alt=\"\" width=\"218\" height=\"300\" srcset=\"https:\/\/aspv-veules.fr\/wp-content\/uploads\/2017\/03\/2015-09-25-La-mythologie-cauchoise-218x300.jpg 218w, https:\/\/aspv-veules.fr\/wp-content\/uploads\/2017\/03\/2015-09-25-La-mythologie-cauchoise-768x1058.jpg 768w, https:\/\/aspv-veules.fr\/wp-content\/uploads\/2017\/03\/2015-09-25-La-mythologie-cauchoise-743x1024.jpg 743w, https:\/\/aspv-veules.fr\/wp-content\/uploads\/2017\/03\/2015-09-25-La-mythologie-cauchoise.jpg 1272w\" sizes=\"(max-width: 218px) 100vw, 218px\" \/><\/a>\u00a0\u00a0<a href=\"http:\/\/aspv-veules.fr\/?attachment_id=161\" rel=\"attachment wp-att-161\"><img loading=\"lazy\" decoding=\"async\" class=\"alignnone size-medium wp-image-161\" src=\"http:\/\/aspv-veules.fr\/wp-content\/uploads\/2017\/03\/2015-06-26-Resistants-de-la-premiere-heure-218x300.jpg\" alt=\"\" width=\"218\" height=\"300\" srcset=\"https:\/\/aspv-veules.fr\/wp-content\/uploads\/2017\/03\/2015-06-26-Resistants-de-la-premiere-heure-218x300.jpg 218w, https:\/\/aspv-veules.fr\/wp-content\/uploads\/2017\/03\/2015-06-26-Resistants-de-la-premiere-heure-768x1058.jpg 768w, https:\/\/aspv-veules.fr\/wp-content\/uploads\/2017\/03\/2015-06-26-Resistants-de-la-premiere-heure-743x1024.jpg 743w, https:\/\/aspv-veules.fr\/wp-content\/uploads\/2017\/03\/2015-06-26-Resistants-de-la-premiere-heure.jpg 1272w\" sizes=\"(max-width: 218px) 100vw, 218px\" \/><\/a>\u00a0\u00a0<a href=\"http:\/\/aspv-veules.fr\/?attachment_id=160\" rel=\"attachment wp-att-160\"><img loading=\"lazy\" decoding=\"async\" class=\"alignnone size-medium wp-image-160\" src=\"http:\/\/aspv-veules.fr\/wp-content\/uploads\/2017\/03\/2015-05-22-Les-Peintres-et-la-mer-218x300.jpg\" alt=\"\" width=\"218\" height=\"300\" srcset=\"https:\/\/aspv-veules.fr\/wp-content\/uploads\/2017\/03\/2015-05-22-Les-Peintres-et-la-mer-218x300.jpg 218w, https:\/\/aspv-veules.fr\/wp-content\/uploads\/2017\/03\/2015-05-22-Les-Peintres-et-la-mer-768x1058.jpg 768w, https:\/\/aspv-veules.fr\/wp-content\/uploads\/2017\/03\/2015-05-22-Les-Peintres-et-la-mer-743x1024.jpg 743w, https:\/\/aspv-veules.fr\/wp-content\/uploads\/2017\/03\/2015-05-22-Les-Peintres-et-la-mer.jpg 1272w\" sizes=\"(max-width: 218px) 100vw, 218px\" \/><\/a>\u00a0\u00a0<a href=\"http:\/\/aspv-veules.fr\/?attachment_id=159\" rel=\"attachment wp-att-159\"><img loading=\"lazy\" decoding=\"async\" class=\"alignnone size-medium wp-image-159\" src=\"http:\/\/aspv-veules.fr\/wp-content\/uploads\/2017\/03\/2015-04-24-Henri-IV-en-Normandie-218x300.jpg\" alt=\"\" width=\"218\" height=\"300\" srcset=\"https:\/\/aspv-veules.fr\/wp-content\/uploads\/2017\/03\/2015-04-24-Henri-IV-en-Normandie-218x300.jpg 218w, https:\/\/aspv-veules.fr\/wp-content\/uploads\/2017\/03\/2015-04-24-Henri-IV-en-Normandie-768x1058.jpg 768w, https:\/\/aspv-veules.fr\/wp-content\/uploads\/2017\/03\/2015-04-24-Henri-IV-en-Normandie-743x1024.jpg 743w, https:\/\/aspv-veules.fr\/wp-content\/uploads\/2017\/03\/2015-04-24-Henri-IV-en-Normandie.jpg 1272w\" sizes=\"(max-width: 218px) 100vw, 218px\" \/><\/a><a href=\"http:\/\/aspv-veules.fr\/?attachment_id=158\" rel=\"attachment wp-att-158\"><img loading=\"lazy\" decoding=\"async\" class=\"alignnone size-medium wp-image-158\" src=\"http:\/\/aspv-veules.fr\/wp-content\/uploads\/2017\/03\/2015-03-27-Les-mat\u00e9riaux-de-Normandie-215x300.jpg\" alt=\"\" width=\"215\" height=\"300\" srcset=\"https:\/\/aspv-veules.fr\/wp-content\/uploads\/2017\/03\/2015-03-27-Les-mat\u00e9riaux-de-Normandie-215x300.jpg 215w, https:\/\/aspv-veules.fr\/wp-content\/uploads\/2017\/03\/2015-03-27-Les-mat\u00e9riaux-de-Normandie-768x1070.jpg 768w, https:\/\/aspv-veules.fr\/wp-content\/uploads\/2017\/03\/2015-03-27-Les-mat\u00e9riaux-de-Normandie-735x1024.jpg 735w\" sizes=\"(max-width: 215px) 100vw, 215px\" \/><\/a>\u00a0\u00a0<a href=\"http:\/\/aspv-veules.fr\/?attachment_id=157\" rel=\"attachment wp-att-157\"><img loading=\"lazy\" decoding=\"async\" class=\"alignnone size-medium wp-image-157\" src=\"http:\/\/aspv-veules.fr\/wp-content\/uploads\/2017\/03\/2015-02-27-La-cuisine-normande-218x300.jpg\" alt=\"\" width=\"218\" height=\"300\" srcset=\"https:\/\/aspv-veules.fr\/wp-content\/uploads\/2017\/03\/2015-02-27-La-cuisine-normande-218x300.jpg 218w, https:\/\/aspv-veules.fr\/wp-content\/uploads\/2017\/03\/2015-02-27-La-cuisine-normande-768x1058.jpg 768w, https:\/\/aspv-veules.fr\/wp-content\/uploads\/2017\/03\/2015-02-27-La-cuisine-normande-743x1024.jpg 743w, https:\/\/aspv-veules.fr\/wp-content\/uploads\/2017\/03\/2015-02-27-La-cuisine-normande.jpg 1272w\" sizes=\"(max-width: 218px) 100vw, 218px\" \/><\/a><\/p>\n","protected":false},"excerpt":{"rendered":"<p>Nos conf\u00e9rences 2025<\/p>\n","protected":false},"author":1,"featured_media":0,"parent":0,"menu_order":0,"comment_status":"closed","ping_status":"closed","template":"","meta":{"footnotes":""},"_links":{"self":[{"href":"https:\/\/aspv-veules.fr\/index.php?rest_route=\/wp\/v2\/pages\/90"}],"collection":[{"href":"https:\/\/aspv-veules.fr\/index.php?rest_route=\/wp\/v2\/pages"}],"about":[{"href":"https:\/\/aspv-veules.fr\/index.php?rest_route=\/wp\/v2\/types\/page"}],"author":[{"embeddable":true,"href":"https:\/\/aspv-veules.fr\/index.php?rest_route=\/wp\/v2\/users\/1"}],"replies":[{"embeddable":true,"href":"https:\/\/aspv-veules.fr\/index.php?rest_route=%2Fwp%2Fv2%2Fcomments&post=90"}],"version-history":[{"count":54,"href":"https:\/\/aspv-veules.fr\/index.php?rest_route=\/wp\/v2\/pages\/90\/revisions"}],"predecessor-version":[{"id":940,"href":"https:\/\/aspv-veules.fr\/index.php?rest_route=\/wp\/v2\/pages\/90\/revisions\/940"}],"wp:attachment":[{"href":"https:\/\/aspv-veules.fr\/index.php?rest_route=%2Fwp%2Fv2%2Fmedia&parent=90"}],"curies":[{"name":"wp","href":"https:\/\/api.w.org\/{rel}","templated":true}]}}