{"id":92,"date":"2017-03-17T15:08:25","date_gmt":"2017-03-17T14:08:25","guid":{"rendered":"http:\/\/aspv-veules.fr\/?page_id=92"},"modified":"2025-05-13T19:34:31","modified_gmt":"2025-05-13T17:34:31","slug":"publications","status":"publish","type":"page","link":"https:\/\/aspv-veules.fr\/?page_id=92","title":{"rendered":"Publications"},"content":{"rendered":"<h1><strong>Nos derni\u00e8res publications<\/strong><\/h1>\n<h2><strong>VEULES-LES-ROSES \u2013 BALNEAIRE \u2013\u00a0 Histoire et Architecture<\/strong><\/h2>\n<p>Novembre 2023\u00a0 <a href=\"http:\/\/aspv-veules.fr\/?attachment_id=696\" rel=\"attachment wp-att-696\"><img loading=\"lazy\" decoding=\"async\" class=\"alignnone size-medium wp-image-696\" src=\"http:\/\/aspv-veules.fr\/wp-content\/uploads\/2023\/10\/Couverture-300x300.jpg\" alt=\"\" width=\"300\" height=\"300\" srcset=\"https:\/\/aspv-veules.fr\/wp-content\/uploads\/2023\/10\/Couverture-300x300.jpg 300w, https:\/\/aspv-veules.fr\/wp-content\/uploads\/2023\/10\/Couverture-150x150.jpg 150w, https:\/\/aspv-veules.fr\/wp-content\/uploads\/2023\/10\/Couverture-100x100.jpg 100w, https:\/\/aspv-veules.fr\/wp-content\/uploads\/2023\/10\/Couverture.jpg 647w\" sizes=\"(max-width: 300px) 100vw, 300px\" \/><\/a> de Marie JAMET<\/p>\n<p>Etienne M\u00e9lingue, acteur au Th\u00e9\u00e2tre de la Porte Saint-Martin et au Th\u00e9\u00e2tre de l\u2019Ambigu, venu sur les conseils de son amie \u00abMademoiselle Ana\u00efs\u00bb, devient le tout premier vill\u00e9giateur \u00e0 d\u00e9couvrir la plage de Veules et \u00e0 y faire construire une charmante villa de bord de mer.<\/p>\n<p>Quelques d\u00e9cennies plus tard, les premi\u00e8res familles arrivent pour s\u2019installer de mani\u00e8re p\u00e9renne afin de jouir de tous les avantages du bain de mer et de ses divertissements.<\/p>\n<p><strong>Ce livre retrace l\u2019histoire baln\u00e9aire de cet ancien petit village de tisserands et de p\u00eacheurs<\/strong>. Les ann\u00e9es 1900 marquent l\u2019apog\u00e9e de Veules.<\/p>\n<p>De nombreuses villas, chalets fleurissent autour de l\u2019H\u00f4tel des Bains, du casino et des rues commer\u00e7antes.<\/p>\n<p>Une s\u00e9lection de 26 villas nous permet de retracer l\u2019histoire, de pr\u00e9senter des documents d\u2019archives et de mettre en lumi\u00e8re le charme de Veules-les-Roses.<\/p>\n<p>Edit\u00e9 par les Editions des Falaises, \u00e9puis\u00e9 d\u00e9but 2025, nous esp\u00e9rons une nouvelle \u00e9dition<\/p>\n<h2>LE GRAND ORGUE de L&#8217;EGLISE SAINT-MARTIN de VEULES<\/h2>\n<h2>QUATRE CENTS ANS d&#8217;HISTOIRE<\/h2>\n<h2><\/h2>\n<p>Juillet 2021<\/p>\n<p style=\"text-align: center;\"><a href=\"http:\/\/aspv-veules.fr\/?attachment_id=520\" rel=\"attachment wp-att-520\"><img loading=\"lazy\" decoding=\"async\" class=\"alignnone  wp-image-520\" src=\"http:\/\/aspv-veules.fr\/wp-content\/uploads\/2021\/07\/2021-07-Le-Grand-Orgue-de-LEglise-Saint-martin-de-Veules-couv-295x300.jpg\" alt=\"\" width=\"378\" height=\"384\" srcset=\"https:\/\/aspv-veules.fr\/wp-content\/uploads\/2021\/07\/2021-07-Le-Grand-Orgue-de-LEglise-Saint-martin-de-Veules-couv-295x300.jpg 295w, https:\/\/aspv-veules.fr\/wp-content\/uploads\/2021\/07\/2021-07-Le-Grand-Orgue-de-LEglise-Saint-martin-de-Veules-couv-1008x1024.jpg 1008w, https:\/\/aspv-veules.fr\/wp-content\/uploads\/2021\/07\/2021-07-Le-Grand-Orgue-de-LEglise-Saint-martin-de-Veules-couv-768x780.jpg 768w, https:\/\/aspv-veules.fr\/wp-content\/uploads\/2021\/07\/2021-07-Le-Grand-Orgue-de-LEglise-Saint-martin-de-Veules-couv-1512x1536.jpg 1512w, https:\/\/aspv-veules.fr\/wp-content\/uploads\/2021\/07\/2021-07-Le-Grand-Orgue-de-LEglise-Saint-martin-de-Veules-couv.jpg 1631w\" sizes=\"(max-width: 378px) 100vw, 378px\" \/><\/a><\/p>\n<p>Cette brochure, abondamment illustr\u00e9e, prolonge et actualise une \u00e9tude r\u00e9alis\u00e9e pour l\u2019installation de l\u2019orgue actuel par le cur\u00e9 de Veules de l\u2019\u00e9poque, l\u2019abb\u00e9 Le Ber. Elle est compl\u00e9t\u00e9e par une riche documentation r\u00e9unie au fil de la p\u00e9riode moderne par le titulaire, Claude Paulmier, m\u00e9moire active qui a g\u00e9n\u00e9reusement mis l\u2019ensemble \u00e0 notre disposition avec ses nombreux souvenirs. Son lancement s&#8217;est fait \u00e0 l\u2019occasion de la conf\u00e9rence-audition du 17 juillet 2021.<\/p>\n<p>&nbsp;<\/p>\n<h2>DEMEURES NOBLES ENTRE TERRE et MER<\/h2>\n<p style=\"text-align: center;\"><a href=\"http:\/\/aspv-veules.fr\/?attachment_id=359\" rel=\"attachment wp-att-359\"><img loading=\"lazy\" decoding=\"async\" class=\"alignnone size-medium wp-image-359\" src=\"http:\/\/aspv-veules.fr\/wp-content\/uploads\/2018\/11\/2018-a-Demeures-nobles-entre-terre-et-mer-couv-300x291.jpg\" alt=\"\" width=\"300\" height=\"291\" srcset=\"https:\/\/aspv-veules.fr\/wp-content\/uploads\/2018\/11\/2018-a-Demeures-nobles-entre-terre-et-mer-couv-300x291.jpg 300w, https:\/\/aspv-veules.fr\/wp-content\/uploads\/2018\/11\/2018-a-Demeures-nobles-entre-terre-et-mer-couv-768x744.jpg 768w, https:\/\/aspv-veules.fr\/wp-content\/uploads\/2018\/11\/2018-a-Demeures-nobles-entre-terre-et-mer-couv-1024x993.jpg 1024w\" sizes=\"(max-width: 300px) 100vw, 300px\" \/><\/a><\/p>\n<p>Vous connaissez tous cette grande enceinte de gr\u00e8s, appel\u00e9e \u00e0 Veules le <em>Vieux Ch\u00e2teau, <\/em>qui court le long de la rue Camille Marchand et de la rue du Vieux Ch\u00e2teau, son logis en gr\u00e8s et pan de bois, le colombier et les maisons de sa cour.<\/p>\n<p>Cet ensemble, aujourd\u2019hui un peu aust\u00e8re, est le r\u00e9sultat d\u2019une longue histoire\u00a0:<\/p>\n<p>&#8211; celle de l\u2019abbaye de F\u00e9camp charg\u00e9e pendant cinq si\u00e8cles de la d\u00e9fense des c\u00f4tes sur une soixantaine de kilom\u00e8tres du littoral cauchois\u00a0;<\/p>\n<p>&#8211; celle de la famille Le Picard de Saint-Philbert, dont cinq g\u00e9n\u00e9rations successives ont \u00e9t\u00e9\u00a0\u00ab\u00a0<em>lieutenant de<\/em> <em>l\u2019amiraut\u00e9 de St-Valery et Veules<\/em>\u00a0\u00bb et r\u00e9sidaient l\u00e0\u00a0;<\/p>\n<p>&#8211; celle de la famille de Banastre de Parfondeval qui a poss\u00e9d\u00e9 pendant une centaine d\u2019ann\u00e9es les constructions et les terres\u00a0;<\/p>\n<p>&#8211; celle de la famille Grenier-F\u00e9ron, qui a achet\u00e9 le domaine au d\u00e9but du XIXe si\u00e8cle et l\u2019a l\u00e9gu\u00e9 \u00e0 la Communaut\u00e9 des S\u0153urs de la charit\u00e9, aujourd\u2019hui propri\u00e9taire.<\/p>\n<p>Vous connaissez aussi <em>la\u00a0rue du Manoir<\/em>, sans savoir, peut-\u00eatre, que le manoir (aujourd\u2019hui d\u00e9moli) qui a donn\u00e9 son nom \u00e0 la rue, \u00e9tait la demeure d\u2019une autre branche de la famille Le Picard, Les Picard de Beaucamp, \u00e0 leur tour Lieutenant de l\u2019amiraut\u00e9 ou officiers des garde-c\u00f4tes.<\/p>\n<p>Le Lieutenant de l\u2019amiraut\u00e9, sous l\u2019Ancien-R\u00e9gime, \u00e9tait un officier royal qui devait faire appliquer une r\u00e9glementation complexe et arbitrer tous les conflits du domaine maritime, \u00ab\u00a0<em>tant que le grand flot de mars se peut \u00e9tendre<\/em>\u00a0\u00bb.<\/p>\n<p>C\u2019est ainsi que l\u2019auteur de l\u2019ouvrage vous entra\u00eenera dans le monde de la p\u00eache, des chasse-mar\u00e9e, des travaux \u00e0 effectuer dans les ports, des temp\u00eates\u2026 A Veules o\u00f9 ils r\u00e9sidaient, les Lieutenants et leur famille, anoblis par Henri IV, ont jou\u00e9 le r\u00f4le de notables locaux tout en faisant exploiter leur ferme et leurs terres.<\/p>\n<p>Si le <em>Manoir des seigneurs de Veules<\/em> a \u00e9t\u00e9 d\u00e9truit, le <em>Vieux Ch\u00e2teau<\/em> et ses jardins sont toujours pr\u00e9sents, assez bien connus par des documents d\u2019archives et des photographies anciennes\u00a0; l\u2019un comme l\u2019autre sont constitutifs de l\u2019histoire de Veules, de son pass\u00e9 maritime et de son d\u00e9veloppement urbain.<\/p>\n<p>L\u2019ouvrage qui vous est propos\u00e9 sous le titre\u00a0: <strong>&#8220;<em>DEMEURES NOBLES ENTRE TERRE ET MER,\u00a0<\/em><em>CHATEAU ET MANOIR DE VEULES, RESIDENCES DES LIEUTENANTS DE L\u2019AMIRAUTE&#8221;\u00a0<\/em>par Bernadette Chaignet-Sortais<\/strong>,\u00a0se pr\u00e9sente sous le format 21 x 21 cm, comporte 166 pages de texte et une centaine d\u2019illustrations (documents d\u2019archives, photographies anciennes et r\u00e9centes, gravures, croquis\u2026)\u00a0; en corps de texte, 331 notes justifient soit des ouvrages consult\u00e9s, soit des r\u00e9f\u00e9rences d\u2019archives (ANF., SHD, Arch. D\u00e9pt., Arch Mun, Arch priv\u00e9es) ou bien d\u00e9veloppent un point particulier.<\/p>\n<p>A tirage limit\u00e9 il est vendu<strong> 20 \u20ac<\/strong><\/p>\n<h2>Jean-Marie LEBAY (1761-1834), Cur\u00e9 de Veules<\/h2>\n<p><a href=\"http:\/\/aspv-veules.fr\/?attachment_id=233\" rel=\"attachment wp-att-233\"><img loading=\"lazy\" decoding=\"async\" class=\"alignnone size-medium wp-image-233\" src=\"http:\/\/aspv-veules.fr\/wp-content\/uploads\/2017\/06\/Jean-Marie-LEBAY-couverture-200dpi-300x300.jpg\" alt=\"\" width=\"300\" height=\"300\" srcset=\"https:\/\/aspv-veules.fr\/wp-content\/uploads\/2017\/06\/Jean-Marie-LEBAY-couverture-200dpi-300x300.jpg 300w, https:\/\/aspv-veules.fr\/wp-content\/uploads\/2017\/06\/Jean-Marie-LEBAY-couverture-200dpi-150x150.jpg 150w, https:\/\/aspv-veules.fr\/wp-content\/uploads\/2017\/06\/Jean-Marie-LEBAY-couverture-200dpi-768x765.jpg 768w, https:\/\/aspv-veules.fr\/wp-content\/uploads\/2017\/06\/Jean-Marie-LEBAY-couverture-200dpi-1024x1020.jpg 1024w, https:\/\/aspv-veules.fr\/wp-content\/uploads\/2017\/06\/Jean-Marie-LEBAY-couverture-200dpi-100x100.jpg 100w, https:\/\/aspv-veules.fr\/wp-content\/uploads\/2017\/06\/Jean-Marie-LEBAY-couverture-200dpi.jpg 1650w\" sizes=\"(max-width: 300px) 100vw, 300px\" \/><\/a><\/p>\n<p><a href=\"http:\/\/aspv-veules.fr\/?attachment_id=182\" rel=\"attachment wp-att-182\"><img loading=\"lazy\" decoding=\"async\" class=\"alignnone size-medium wp-image-182\" src=\"http:\/\/aspv-veules.fr\/wp-content\/uploads\/2017\/03\/31-Veules-et-ses-artistes-Les-Barbot-224x300.jpg\" alt=\"\" width=\"224\" height=\"300\" srcset=\"https:\/\/aspv-veules.fr\/wp-content\/uploads\/2017\/03\/31-Veules-et-ses-artistes-Les-Barbot-224x300.jpg 224w, https:\/\/aspv-veules.fr\/wp-content\/uploads\/2017\/03\/31-Veules-et-ses-artistes-Les-Barbot-768x1029.jpg 768w, https:\/\/aspv-veules.fr\/wp-content\/uploads\/2017\/03\/31-Veules-et-ses-artistes-Les-Barbot-764x1024.jpg 764w, https:\/\/aspv-veules.fr\/wp-content\/uploads\/2017\/03\/31-Veules-et-ses-artistes-Les-Barbot.jpg 1784w\" sizes=\"(max-width: 224px) 100vw, 224px\" \/><\/a><a href=\"http:\/\/aspv-veules.fr\/?attachment_id=181\" rel=\"attachment wp-att-181\"><img loading=\"lazy\" decoding=\"async\" class=\"alignnone size-medium wp-image-181\" src=\"http:\/\/aspv-veules.fr\/wp-content\/uploads\/2017\/03\/30-Jeu-de-pommes-couverture-bis_14-220x300.jpg\" alt=\"\" width=\"220\" height=\"300\" srcset=\"https:\/\/aspv-veules.fr\/wp-content\/uploads\/2017\/03\/30-Jeu-de-pommes-couverture-bis_14-220x300.jpg 220w, https:\/\/aspv-veules.fr\/wp-content\/uploads\/2017\/03\/30-Jeu-de-pommes-couverture-bis_14-768x1049.jpg 768w, https:\/\/aspv-veules.fr\/wp-content\/uploads\/2017\/03\/30-Jeu-de-pommes-couverture-bis_14-749x1024.jpg 749w, https:\/\/aspv-veules.fr\/wp-content\/uploads\/2017\/03\/30-Jeu-de-pommes-couverture-bis_14.jpg 1695w\" sizes=\"(max-width: 220px) 100vw, 220px\" \/><\/a><a href=\"http:\/\/aspv-veules.fr\/?attachment_id=180\" rel=\"attachment wp-att-180\"><img loading=\"lazy\" decoding=\"async\" class=\"alignnone size-medium wp-image-180\" src=\"http:\/\/aspv-veules.fr\/wp-content\/uploads\/2017\/03\/30-HS-2014-04-tourelles-Copier-300x297.jpg\" alt=\"\" width=\"300\" height=\"297\" srcset=\"https:\/\/aspv-veules.fr\/wp-content\/uploads\/2017\/03\/30-HS-2014-04-tourelles-Copier-300x297.jpg 300w, https:\/\/aspv-veules.fr\/wp-content\/uploads\/2017\/03\/30-HS-2014-04-tourelles-Copier-150x150.jpg 150w, https:\/\/aspv-veules.fr\/wp-content\/uploads\/2017\/03\/30-HS-2014-04-tourelles-Copier-768x760.jpg 768w, https:\/\/aspv-veules.fr\/wp-content\/uploads\/2017\/03\/30-HS-2014-04-tourelles-Copier-100x100.jpg 100w, https:\/\/aspv-veules.fr\/wp-content\/uploads\/2017\/03\/30-HS-2014-04-tourelles-Copier.jpg 776w\" sizes=\"(max-width: 300px) 100vw, 300px\" \/><\/a><a href=\"http:\/\/aspv-veules.fr\/?attachment_id=179\" rel=\"attachment wp-att-179\"><img loading=\"lazy\" decoding=\"async\" class=\"alignnone size-medium wp-image-179\" src=\"http:\/\/aspv-veules.fr\/wp-content\/uploads\/2017\/03\/29-les-chemins-un-h\u00e9ritage-sept.-20120-couverture-1-page-241x300.jpg\" alt=\"\" width=\"241\" height=\"300\" \/><\/a><a href=\"http:\/\/aspv-veules.fr\/?attachment_id=178\" rel=\"attachment wp-att-178\"><img loading=\"lazy\" decoding=\"async\" class=\"alignnone size-medium wp-image-178\" src=\"http:\/\/aspv-veules.fr\/wp-content\/uploads\/2017\/03\/29-Il-sennuyait-sur-sa-banquise-BIS-couverture-neigeuse_15-201x300.jpg\" alt=\"\" width=\"201\" height=\"300\" srcset=\"https:\/\/aspv-veules.fr\/wp-content\/uploads\/2017\/03\/29-Il-sennuyait-sur-sa-banquise-BIS-couverture-neigeuse_15-201x300.jpg 201w, https:\/\/aspv-veules.fr\/wp-content\/uploads\/2017\/03\/29-Il-sennuyait-sur-sa-banquise-BIS-couverture-neigeuse_15-768x1146.jpg 768w, https:\/\/aspv-veules.fr\/wp-content\/uploads\/2017\/03\/29-Il-sennuyait-sur-sa-banquise-BIS-couverture-neigeuse_15-687x1024.jpg 687w, https:\/\/aspv-veules.fr\/wp-content\/uploads\/2017\/03\/29-Il-sennuyait-sur-sa-banquise-BIS-couverture-neigeuse_15.jpg 1544w\" sizes=\"(max-width: 201px) 100vw, 201px\" \/><\/a><a href=\"http:\/\/aspv-veules.fr\/?attachment_id=177\" rel=\"attachment wp-att-177\"><img loading=\"lazy\" decoding=\"async\" class=\"alignnone size-medium wp-image-177\" src=\"http:\/\/aspv-veules.fr\/wp-content\/uploads\/2017\/03\/28-Quand-va-la-vache-au-pr\u00e9-couverture-1-page-233x300.jpg\" alt=\"\" width=\"233\" height=\"300\" srcset=\"https:\/\/aspv-veules.fr\/wp-content\/uploads\/2017\/03\/28-Quand-va-la-vache-au-pr\u00e9-couverture-1-page-233x300.jpg 233w, https:\/\/aspv-veules.fr\/wp-content\/uploads\/2017\/03\/28-Quand-va-la-vache-au-pr\u00e9-couverture-1-page-768x991.jpg 768w, https:\/\/aspv-veules.fr\/wp-content\/uploads\/2017\/03\/28-Quand-va-la-vache-au-pr\u00e9-couverture-1-page-794x1024.jpg 794w, https:\/\/aspv-veules.fr\/wp-content\/uploads\/2017\/03\/28-Quand-va-la-vache-au-pr\u00e9-couverture-1-page.jpg 1912w\" sizes=\"(max-width: 233px) 100vw, 233px\" \/><\/a><a href=\"http:\/\/aspv-veules.fr\/?attachment_id=175\" rel=\"attachment wp-att-175\"><img loading=\"lazy\" decoding=\"async\" class=\"alignnone size-medium wp-image-175\" src=\"http:\/\/aspv-veules.fr\/wp-content\/uploads\/2017\/03\/25-Le-Rayon-vert-couverture-212x300.jpg\" alt=\"\" width=\"212\" height=\"300\" srcset=\"https:\/\/aspv-veules.fr\/wp-content\/uploads\/2017\/03\/25-Le-Rayon-vert-couverture-212x300.jpg 212w, https:\/\/aspv-veules.fr\/wp-content\/uploads\/2017\/03\/25-Le-Rayon-vert-couverture-768x1088.jpg 768w, https:\/\/aspv-veules.fr\/wp-content\/uploads\/2017\/03\/25-Le-Rayon-vert-couverture-723x1024.jpg 723w, https:\/\/aspv-veules.fr\/wp-content\/uploads\/2017\/03\/25-Le-Rayon-vert-couverture.jpg 1751w\" sizes=\"(max-width: 212px) 100vw, 212px\" \/><\/a><\/p>\n","protected":false},"excerpt":{"rendered":"<p>Nos derni\u00e8res publications VEULES-LES-ROSES \u2013 BALNEAIRE \u2013\u00a0 Histoire et Architecture Novembre 2023\u00a0 de Marie JAMET Etienne M\u00e9lingue, acteur au Th\u00e9\u00e2tre de la Porte Saint-Martin et au Th\u00e9\u00e2tre de l\u2019Ambigu, venu sur les conseils de son amie \u00abMademoiselle Ana\u00efs\u00bb, devient le tout premier vill\u00e9giateur \u00e0 d\u00e9couvrir la plage de Veules et \u00e0 y faire construire une &hellip; <\/p>\n<p class=\"link-more\"><a href=\"https:\/\/aspv-veules.fr\/?page_id=92\" class=\"more-link\">Continue reading<span class=\"screen-reader-text\"> &#8220;Publications&#8221;<\/span><\/a><\/p>\n","protected":false},"author":1,"featured_media":0,"parent":0,"menu_order":0,"comment_status":"closed","ping_status":"closed","template":"","meta":{"footnotes":""},"_links":{"self":[{"href":"https:\/\/aspv-veules.fr\/index.php?rest_route=\/wp\/v2\/pages\/92"}],"collection":[{"href":"https:\/\/aspv-veules.fr\/index.php?rest_route=\/wp\/v2\/pages"}],"about":[{"href":"https:\/\/aspv-veules.fr\/index.php?rest_route=\/wp\/v2\/types\/page"}],"author":[{"embeddable":true,"href":"https:\/\/aspv-veules.fr\/index.php?rest_route=\/wp\/v2\/users\/1"}],"replies":[{"embeddable":true,"href":"https:\/\/aspv-veules.fr\/index.php?rest_route=%2Fwp%2Fv2%2Fcomments&post=92"}],"version-history":[{"count":24,"href":"https:\/\/aspv-veules.fr\/index.php?rest_route=\/wp\/v2\/pages\/92\/revisions"}],"predecessor-version":[{"id":876,"href":"https:\/\/aspv-veules.fr\/index.php?rest_route=\/wp\/v2\/pages\/92\/revisions\/876"}],"wp:attachment":[{"href":"https:\/\/aspv-veules.fr\/index.php?rest_route=%2Fwp%2Fv2%2Fmedia&parent=92"}],"curies":[{"name":"wp","href":"https:\/\/api.w.org\/{rel}","templated":true}]}}